{"id":826,"date":"2016-08-02T18:14:25","date_gmt":"2016-08-02T18:14:25","guid":{"rendered":"http:\/\/cerdanportoles.com\/?page_id=826"},"modified":"2017-04-19T09:01:23","modified_gmt":"2017-04-19T09:01:23","slug":"unser-oel","status":"publish","type":"page","link":"http:\/\/cerdanportoles.com\/de\/unser-oel\/","title":{"rendered":"Unser \u00d6l"},"content":{"rendered":"<div id=\"pl-826\"  class=\"panel-layout\" ><div id=\"pg-826-0\"  class=\"panel-grid panel-no-style\" ><div id=\"pgc-826-0-0\"  class=\"panel-grid-cell\" ><div id=\"panel-826-0-0-0\" class=\"so-panel widget widget_sow-hero panel-first-child panel-last-child\" data-index=\"0\" ><div class=\"panel-widget-style panel-widget-style-for-826-0-0-0\" ><div class=\"so-widget-sow-hero so-widget-sow-hero-default-8af89025abf3 so-widget-fittext-wrapper\" data-fit-text-compressor=\"0.85\"><div class=\"sow-slider-base \" style=\"display: none\"><ul class=\"sow-slider-images\" data-settings=\"{&quot;pagination&quot;:true,&quot;speed&quot;:800,&quot;timeout&quot;:8000,&quot;paused&quot;:false,&quot;pause_on_hover&quot;:false,&quot;swipe&quot;:true,&quot;nav_always_show_mobile&quot;:&quot;&quot;,&quot;breakpoint&quot;:&quot;780px&quot;}\">\t\t<li class=\"sow-slider-image  sow-slider-image-cover\" style=\"background-color: #333333;background-image: url(http:\/\/cerdanportoles.com\/wp-content\/uploads\/2016\/04\/Screen-Shot-2016-06-28-at-22.18.00_2.jpg)\" >\n\t\t\t\t\t<div class=\"sow-slider-image-container\">\n\t\t\t<div class=\"sow-slider-image-wrapper\">\n\t\t\t\t\t\t\t<\/div>\n\t\t<\/div>\n\t\t\t\t<\/li>\n\t\t<\/ul>\t\t\t\t<ol class=\"sow-slider-pagination\">\n\t\t\t\t\t\t\t\t\t\t\t<li><a href=\"#\" data-goto=\"0\" aria-label=\"display slide 1\"><\/a><\/li>\n\t\t\t\t\t\t\t\t\t<\/ol>\n\n\t\t\t\t<div class=\"sow-slide-nav sow-slide-nav-next\">\n\t\t\t\t\t<a href=\"#\" data-goto=\"next\" aria-label=\"next slide\" data-action=\"next\">\n\t\t\t\t\t\t<em class=\"sow-sld-icon-thin-right\"><\/em>\n\t\t\t\t\t<\/a>\n\t\t\t\t<\/div>\n\n\t\t\t\t<div class=\"sow-slide-nav sow-slide-nav-prev\">\n\t\t\t\t\t<a href=\"#\" data-goto=\"previous\" aria-label=\"previous slide\" data-action=\"prev\">\n\t\t\t\t\t\t<em class=\"sow-sld-icon-thin-left\"><\/em>\n\t\t\t\t\t<\/a>\n\t\t\t\t<\/div>\n\t\t\t\t<\/div><\/div><\/div><\/div><\/div><\/div><div id=\"pg-826-1\"  class=\"panel-grid panel-no-style\" ><div id=\"pgc-826-1-0\"  class=\"panel-grid-cell\" ><div id=\"panel-826-1-0-0\" class=\"so-panel widget widget_sow-editor panel-first-child\" data-index=\"1\" ><div class=\"panel-widget-style panel-widget-style-for-826-1-0-0\" ><div class=\"so-widget-sow-editor so-widget-sow-editor-base\">\n<div class=\"siteorigin-widget-tinymce textwidget\">\n\t<h4 style=\"font-weight: 400; padding-left: 30px; text-align: center;\"><\/h4>\n<h4 style=\"font-weight: 400; text-align: center;\">UNSER \u00d6L<\/h4>\n<\/div>\n<\/div><\/div><\/div><div id=\"panel-826-1-0-1\" class=\"so-panel widget widget_sow-editor panel-last-child\" data-index=\"2\" ><div class=\"mobileBlock panel-widget-style panel-widget-style-for-826-1-0-1\" ><div class=\"so-widget-sow-editor so-widget-sow-editor-base\">\n<div class=\"siteorigin-widget-tinymce textwidget\">\n\t<p style=\"text-align: center;\">Unsere Tradition und Erfahrung bei der Produktion von extra nativem Oliven\u00f6l erm\u00f6glicht es, ein extra natives Oliven\u00f6l von <strong>h\u00f6chster Qualit\u00e4t<\/strong> zu erstellen. Die Oliven stammen aus <strong>Olivenb\u00e4umen<\/strong> <strong>in den Bergen<\/strong>, die meisten von ihnen sind hundertj\u00e4hrige B\u00e4ume, die in der Sierra de Algair\u00e9n auf einer H\u00f6he von \u00fcber <strong>600 Metern<\/strong> wachsen. Der Anbau ist traditionell, nicht sehr umfangreich und in den Bergen.\u00a0Die Olivenhaine sind extremen Wetterbedingungen ausgesetzt, die die nat\u00fcrliche antioxidative Eigenschaften der Oliven steigern.<\/p>\n<p style=\"text-align: center;\">Das \u00d6l wird in erster Linie von der Sorte <strong>arberquina<\/strong> erhalten, in einer geringeren Menge, gefolgt von verdial, roayl, empeltre, racimillo und blanqueta. Aufgrund unserer Erfahrung k\u00f6nnen wir eine sehr stabiles, extra natives Oliven\u00f6l mit ausgezeichneten physikalischen, chemischen und organoleptischen Eigenschaften erstellen.<\/p>\n<\/div>\n<\/div><\/div><\/div><\/div><\/div><div id=\"pg-826-2\"  class=\"panel-grid panel-has-style\" ><div class=\"panel-row-style panel-row-style-for-826-2\" ><div id=\"pgc-826-2-0\"  class=\"panel-grid-cell\" ><div id=\"panel-826-2-0-0\" class=\"so-panel widget widget_sow-editor panel-first-child panel-last-child\" data-index=\"3\" ><div class=\"mobileBlock panel-widget-style panel-widget-style-for-826-2-0-0\" ><div class=\"so-widget-sow-editor so-widget-sow-editor-base\">\n<div class=\"siteorigin-widget-tinymce textwidget\">\n\t<h4 style=\"font-weight: 400; padding-left: 30px; text-align: center;\"><\/h4>\n<h4 style=\"font-weight: 400; text-align: center;\">EXTRA NATIVES OLIVEN\u00d6L CERDAN PORTOL\u00c9S<\/h4>\n<\/div>\n<\/div><\/div><\/div><\/div><\/div><\/div><div id=\"pg-826-3\"  class=\"panel-grid panel-no-style\" ><div id=\"pgc-826-3-0\"  class=\"panel-grid-cell\" ><div id=\"panel-826-3-0-0\" class=\"so-panel widget widget_sow-editor panel-first-child panel-last-child\" data-index=\"4\" ><div class=\"mobileBlock panel-widget-style panel-widget-style-for-826-3-0-0\" ><div class=\"so-widget-sow-editor so-widget-sow-editor-base\">\n<div class=\"siteorigin-widget-tinymce textwidget\">\n\t<p style=\"padding-left: 60px; text-align: justify;\">Das Premium \u201cExtra Native Oliven\u00f6l Cerd\u00e1n Portol\u00e9s!\u201d hat einen milden Geschmack, fruchtig und ausgewogen. Durch eine eher s\u00fc\u00dfliche Note, unterscheidet es sich von anderen Oliven\u00f6len. <strong>Es ist sehr fl\u00fcssig, leicht und \u00e4u\u00dferst angenehm<\/strong>. Es ist sowohl roh als auch in jeder anderen Zubereitungsart verwendbar.Die Farbe ist gelb-gr\u00fcnlich.<\/p>\n<p style=\"padding-left: 60px; text-align: justify;\">Kaltextraktion<\/p>\n<p style=\"padding-left: 60px; text-align: justify;\">Erh\u00e4ltlich in einer\u00a0500 ml Glasflasche und in einem 5 Liter Kanister f\u00fcr Horeca Sector.<\/p>\n<p>\u00a0<\/p>\n<p>\u00a0<\/p>\n<\/div>\n<\/div><\/div><\/div><\/div><div id=\"pgc-826-3-1\"  class=\"panel-grid-cell\" ><div id=\"panel-826-3-1-0\" class=\"so-panel widget widget_sow-image panel-first-child panel-last-child\" data-index=\"5\" ><div class=\"so-widget-sow-image so-widget-sow-image-default-d6014b76747a\">\n\n<div class=\"sow-image-container\">\n\t<img src=\"http:\/\/cerdanportoles.com\/wp-content\/uploads\/2016\/04\/AOVE_Premium.gif.gif\" width=\"1476\" height=\"1476\" sizes=\"(max-width: 1476px) 100vw, 1476px\" alt=\"\" \t\tclass=\"so-widget-image\"\/>\n<\/div>\n\n<\/div><\/div><\/div><\/div><div id=\"pg-826-4\"  class=\"panel-grid panel-no-style\" ><div id=\"pgc-826-4-0\"  class=\"panel-grid-cell\" ><div id=\"panel-826-4-0-0\" class=\"so-panel widget widget_sow-editor panel-first-child panel-last-child\" data-index=\"6\" ><div class=\"mobileBlock panel-widget-style panel-widget-style-for-826-4-0-0\" ><div class=\"so-widget-sow-editor so-widget-sow-editor-base\">\n<div class=\"siteorigin-widget-tinymce textwidget\">\n\t<h4 style=\"font-weight: 400; padding-left: 30px; text-align: center;\"><\/h4>\n<h4 style=\"font-weight: 400; text-align: center;\">EXTRA NATIVES OLIVEN\u00d6L FR\u00dcHE ERNTE CERDAN PORTOL\u00c9S<\/h4>\n<\/div>\n<\/div><\/div><\/div><\/div><\/div><div id=\"pg-826-5\"  class=\"panel-grid panel-no-style\" ><div id=\"pgc-826-5-0\"  class=\"panel-grid-cell\" ><div id=\"panel-826-5-0-0\" class=\"so-panel widget widget_sow-editor panel-first-child panel-last-child\" data-index=\"7\" ><div class=\"mobileBlock panel-widget-style panel-widget-style-for-826-5-0-0\" ><div class=\"so-widget-sow-editor so-widget-sow-editor-base\">\n<div class=\"siteorigin-widget-tinymce textwidget\">\n\t<p style=\"padding-left: 60px; text-align: justify;\">Das \u201cExtra Native Oliven\u00f6l Fr\u00fche Ernte\u201d ist eine Premium Limited Edition EVOO.\u00a0Es wird\u00a0aus jungen Oliven mit dem perfekten Reifpunkt erhalten. Die Oliven werden noch gr\u00fcn und einige von ihnen in verschiedenen Farben geerntet. So k\u00f6nnen wir ein ausgewogenes, <strong>aromatisches<\/strong> extra natives Oliven\u00f6l herstellen, das durch seinen <strong>intensiven, fruchtigen Geschmack<\/strong> <strong>besticht<\/strong>. Es wird empfohlen dieses Produkt roh zu verwenden.<\/p>\n<p style=\"padding-left: 60px; text-align: justify;\">Limited Edition nummerierten Flaschen.<\/p>\n<p style=\"padding-left: 60px; text-align: justify;\">Kaltextraktion.<\/p>\n<p style=\"padding-left: 60px; text-align: justify;\">Erh\u00e4ltlich in einer 500 ml Glasflasche.<\/p>\n<p>\u00a0<\/p>\n<\/div>\n<\/div><\/div><\/div><\/div><div id=\"pgc-826-5-1\"  class=\"panel-grid-cell\" ><div id=\"panel-826-5-1-0\" class=\"so-panel widget widget_sow-image panel-first-child panel-last-child\" data-index=\"8\" ><div class=\"so-widget-sow-image so-widget-sow-image-default-d6014b76747a\">\n\n<div class=\"sow-image-container\">\n\t<img src=\"http:\/\/cerdanportoles.com\/wp-content\/uploads\/2016\/04\/AOVE_Premium_CosechaTemprana.gif.gif\" width=\"1476\" height=\"1476\" sizes=\"(max-width: 1476px) 100vw, 1476px\" alt=\"\" \t\tclass=\"so-widget-image\"\/>\n<\/div>\n\n<\/div><\/div><\/div><\/div><div id=\"pg-826-6\"  class=\"panel-grid panel-no-style\" ><div id=\"pgc-826-6-0\"  class=\"panel-grid-cell\" ><div id=\"panel-826-6-0-0\" class=\"so-panel widget widget_sow-editor panel-first-child panel-last-child\" data-index=\"9\" ><div class=\"mobileBlock panel-widget-style panel-widget-style-for-826-6-0-0\" ><div class=\"so-widget-sow-editor so-widget-sow-editor-base\">\n<div class=\"siteorigin-widget-tinymce textwidget\">\n\t<h4 style=\"font-weight: 400; padding-left: 30px; text-align: center;\"><\/h4>\n<h4 style=\"font-weight: 400; text-align: center;\">UNGEFILTERTES EXTRA NATIVES OLIVEN\u00d6L CERD\u00c1N PORTOL\u00c9S<\/h4>\n<\/div>\n<\/div><\/div><\/div><\/div><\/div><div id=\"pg-826-7\"  class=\"panel-grid panel-no-style\" ><div id=\"pgc-826-7-0\"  class=\"panel-grid-cell\" ><div id=\"panel-826-7-0-0\" class=\"so-panel widget widget_sow-editor panel-first-child panel-last-child\" data-index=\"10\" ><div class=\"mobileBlock panel-widget-style panel-widget-style-for-826-7-0-0\" ><div class=\"so-widget-sow-editor so-widget-sow-editor-base\">\n<div class=\"siteorigin-widget-tinymce textwidget\">\n\t<p style=\"padding-left: 60px; text-align: justify;\">Das Premium \u201cUngefilterte Extra Native Oliven\u00f6l Cerd\u00e1n Potol\u00e9s\u201d, welches auch als \"en rama\" bezeichnet wird, wird mit dem gleichen Kaltextraktionssystem mit nat\u00fcrlicher Dekantierung hergestellt. Die Farbe ist auf Grund der Mikropartikel des Olivenfruchtfleisches etwas dunkler. Eines seiner Merkmale ist das<strong> intensivere Aroma und der fruchtige Geschmack, der eher w\u00fcrzig und bitter<\/strong> ist. Es ist nur in den ersten Monaten nach der Ernte verf\u00fcgbar. Es wird empfohlen, dieses Produkt roh zu verwenden.<\/p>\n<p style=\"padding-left: 60px; text-align: justify;\">Nummerierten Flaschen.<\/p>\n<p style=\"padding-left: 60px; text-align: justify;\">Kaltextraktion.<\/p>\n<p style=\"padding-left: 60px; text-align: justify;\">Erh\u00e4ltlich in einer 500 ml Glasflasche.<\/p>\n<p>\u00a0<\/p>\n<\/div>\n<\/div><\/div><\/div><\/div><div id=\"pgc-826-7-1\"  class=\"panel-grid-cell\" ><div id=\"panel-826-7-1-0\" class=\"so-panel widget widget_sow-image panel-first-child panel-last-child\" data-index=\"11\" ><div class=\"so-widget-sow-image so-widget-sow-image-default-d6014b76747a\">\n\n<div class=\"sow-image-container\">\n\t<img src=\"http:\/\/cerdanportoles.com\/wp-content\/uploads\/2016\/04\/AOVE_Premium_SinFiltrar.gif.gif\" width=\"1476\" height=\"1476\" sizes=\"(max-width: 1476px) 100vw, 1476px\" alt=\"\" \t\tclass=\"so-widget-image\"\/>\n<\/div>\n\n<\/div><\/div><\/div><\/div><div id=\"pg-826-8\"  class=\"panel-grid panel-no-style\" ><div id=\"pgc-826-8-0\"  class=\"panel-grid-cell\" ><div id=\"panel-826-8-0-0\" class=\"so-panel widget widget_sow-editor panel-first-child panel-last-child\" data-index=\"12\" ><div class=\"mobileBlock panel-widget-style panel-widget-style-for-826-8-0-0\" ><div class=\"so-widget-sow-editor so-widget-sow-editor-base\">\n<div class=\"siteorigin-widget-tinymce textwidget\">\n\t<h4 style=\"font-weight: 400; padding-left: 30px; text-align: center;\"><\/h4>\n<h4 style=\"font-weight: 400; text-align: center;\">CERD\u00c1N PORTOL\u00c9S \u00d6LQUALIT\u00c4T<\/h4>\n<\/div>\n<\/div><\/div><\/div><\/div><\/div><div id=\"pg-826-9\"  class=\"panel-grid panel-no-style\" ><div id=\"pgc-826-9-0\"  class=\"panel-grid-cell\" ><div id=\"panel-826-9-0-0\" class=\"so-panel widget widget_sow-editor panel-first-child panel-last-child\" data-index=\"13\" ><div class=\"mobileBlock panel-widget-style panel-widget-style-for-826-9-0-0\" ><div class=\"so-widget-sow-editor so-widget-sow-editor-base\">\n<div class=\"siteorigin-widget-tinymce textwidget\">\n\t<h4 style=\"font-weight: 400; padding-left: 30px; text-align: center;\">Die Qualit\u00e4tsparameter, die ein Oliven\u00f6l erreichen muss um mit der h\u00f6chsten Qualifikation (extra natives ) ausgezeichnet zu werden.<\/h4>\n<\/div>\n<\/div><\/div><\/div><\/div><\/div><div id=\"pg-826-10\"  class=\"panel-grid panel-no-style\" ><div id=\"pgc-826-10-0\"  class=\"panel-grid-cell\" ><div id=\"panel-826-10-0-0\" class=\"so-panel widget widget_sow-editor panel-first-child panel-last-child\" data-index=\"14\" ><div class=\"panel-widget-style panel-widget-style-for-826-10-0-0\" ><div class=\"so-widget-sow-editor so-widget-sow-editor-base\">\n<div class=\"siteorigin-widget-tinymce textwidget\">\n\t<table class=\"table table-cerdan\">\n<tbody>\n<tr>\n<td><span style=\"color: #000000;\">\u00a0<\/span><\/td>\n<td><b>EU Verordnung<\/b><\/td>\n<td><b>Cerd\u00e1n Portol\u00e9s<\/b><\/td>\n<\/tr>\n<tr>\n<td><span style=\"color: #000000;\"><b>\u00d6ls\u00e4ureniveau<\/b><\/span><\/td>\n<td><span style=\"font-weight: 400; color: #000000;\">&lt; 0,8<\/span><\/td>\n<td><span style=\"font-weight: 400; color: #000000;\">0,17<\/span><\/td>\n<\/tr>\n<tr>\n<td><span style=\"color: #000000;\"><b>Peroxide<\/b><\/span><\/td>\n<td><span style=\"font-weight: 400; color: #000000;\">&lt; 20<\/span><\/td>\n<td><span style=\"font-weight: 400; color: #000000;\">5,3<\/span><\/td>\n<\/tr>\n<tr>\n<td><span style=\"color: #000000;\"><b>K232<\/b><\/span><\/td>\n<td><span style=\"font-weight: 400; color: #000000;\">&lt; 2,5<\/span><\/td>\n<td><span style=\"font-weight: 400; color: #000000;\">1,9<\/span><\/td>\n<\/tr>\n<tr>\n<td><span style=\"color: #000000;\"><b>K270<\/b><\/span><\/td>\n<td><span style=\"font-weight: 400; color: #000000;\">&lt; 0,22<\/span><\/td>\n<td><span style=\"font-weight: 400; color: #000000;\">0,14<\/span><\/td>\n<\/tr>\n<tr>\n<td><span style=\"color: #000000;\"><b>DELTA K<\/b><\/span><\/td>\n<td><span style=\"font-weight: 400; color: #000000;\">&lt; 0,01<\/span><\/td>\n<td><span style=\"font-weight: 400; color: #000000;\">0,01<\/span><\/td>\n<\/tr>\n<tr>\n<td><span style=\"color: #000000;\"><b>Median der\u00a0M\u00e4ngel<\/b><\/span><\/td>\n<td><span style=\"font-weight: 400; color: #000000;\">= 0<\/span><\/td>\n<td><span style=\"font-weight: 400; color: #000000;\">0<\/span><\/td>\n<\/tr>\n<tr>\n<td><span style=\"color: #000000;\"><b>Median der Fruchtigkeit<\/b><\/span><\/td>\n<td><span style=\"font-weight: 400; color: #000000;\">&gt; 0<\/span><\/td>\n<td><span style=\"font-weight: 400; color: #000000;\">4,4<\/span><\/td>\n<\/tr>\n<\/tbody>\n<\/table>\n<\/div>\n<\/div><\/div><\/div><\/div><\/div><div id=\"pg-826-11\"  class=\"panel-grid panel-has-style\" ><div class=\"panel-row-style panel-row-style-for-826-11\" ><div id=\"pgc-826-11-0\"  class=\"panel-grid-cell\" ><div id=\"panel-826-11-0-0\" class=\"so-panel widget widget_sow-editor panel-first-child panel-last-child\" data-index=\"15\" ><div class=\"panel-widget-style panel-widget-style-for-826-11-0-0\" ><div class=\"so-widget-sow-editor so-widget-sow-editor-base\">\n<div class=\"siteorigin-widget-tinymce textwidget\">\n\t<p style=\"text-align: left; padding-left: 30px;\">Wenden Sie sich hierhin, um die Ergebnisse der Qualit\u00e4tskontrollanalyse zu erfahren:<\/p>\n<p style=\"text-align: left; padding-left: 30px;\">\u2022 <a href=\"http:\/\/cerdanportoles.com\/wp-content\/uploads\/2016\/07\/An\u00e1lisis-f\u00edsico-qu\u00edmico-2016.pdf\">Physikalisch-chemische Analyse<\/a><\/p>\n<p style=\"text-align: left; padding-left: 30px;\">\u2022 <a href=\"http:\/\/cerdanportoles.com\/wp-content\/uploads\/2016\/07\/An\u00e1lisis-organil\u00e9ptico-2016.pdf\">Organoleptische Analyse<\/a><\/p>\n<\/div>\n<\/div><\/div><\/div><\/div><\/div><\/div><\/div>","protected":false},"excerpt":{"rendered":"<p>UNSER \u00d6L Unsere Tradition und Erfahrung bei der Produktion von extra nativem Oliven\u00f6l erm\u00f6glicht es, ein extra natives Oliven\u00f6l von h\u00f6chster Qualit\u00e4t zu erstellen. Die Oliven stammen aus Olivenb\u00e4umen in den Bergen, die meisten von ihnen sind hundertj\u00e4hrige B\u00e4ume, die in der Sierra de Algair\u00e9n auf einer H\u00f6he von \u00fcber 600 Metern wachsen. Der Anbau [&hellip;]<\/p>\n","protected":false},"author":1,"featured_media":0,"parent":0,"menu_order":0,"comment_status":"closed","ping_status":"closed","template":"","meta":[],"_links":{"self":[{"href":"http:\/\/cerdanportoles.com\/de\/wp-json\/wp\/v2\/pages\/826"}],"collection":[{"href":"http:\/\/cerdanportoles.com\/de\/wp-json\/wp\/v2\/pages"}],"about":[{"href":"http:\/\/cerdanportoles.com\/de\/wp-json\/wp\/v2\/types\/page"}],"author":[{"embeddable":true,"href":"http:\/\/cerdanportoles.com\/de\/wp-json\/wp\/v2\/users\/1"}],"replies":[{"embeddable":true,"href":"http:\/\/cerdanportoles.com\/de\/wp-json\/wp\/v2\/comments?post=826"}],"version-history":[{"count":10,"href":"http:\/\/cerdanportoles.com\/de\/wp-json\/wp\/v2\/pages\/826\/revisions"}],"predecessor-version":[{"id":1001,"href":"http:\/\/cerdanportoles.com\/de\/wp-json\/wp\/v2\/pages\/826\/revisions\/1001"}],"wp:attachment":[{"href":"http:\/\/cerdanportoles.com\/de\/wp-json\/wp\/v2\/media?parent=826"}],"curies":[{"name":"wp","href":"https:\/\/api.w.org\/{rel}","templated":true}]}}